{"id":6184,"date":"2026-03-25T11:58:38","date_gmt":"2026-03-25T10:58:38","guid":{"rendered":"https:\/\/www.kinderfonds.be\/a-propos-de-nous\/wie-is-wie\/"},"modified":"2026-04-02T14:49:34","modified_gmt":"2026-04-02T12:49:34","slug":"wie-is-wie","status":"publish","type":"page","link":"https:\/\/www.kinderfonds.be\/fr\/a-propos-de-nous\/wie-is-wie\/","title":{"rendered":"Qui est qui"},"content":{"rendered":"\t\t<div data-elementor-type=\"wp-page\" data-elementor-id=\"6184\" class=\"elementor elementor-6184 elementor-6014\" data-elementor-post-type=\"page\">\n\t\t\t\t<div class=\"elementor-element elementor-element-8ea84e e-con-full e-flex e-con e-parent\" data-id=\"8ea84e\" data-element_type=\"container\" data-e-type=\"container\">\n\t\t\t\t<\/div>\n\t\t<div class=\"elementor-element elementor-element-7d2e7aa6 e-con-full e-flex e-con e-parent\" data-id=\"7d2e7aa6\" data-element_type=\"container\" data-e-type=\"container\" id=\"content\">\n\t\t<div class=\"elementor-element elementor-element-283bc7b6 e-con-full e-flex e-con e-child\" data-id=\"283bc7b6\" data-element_type=\"container\" data-e-type=\"container\">\n\t\t\t\t<div class=\"elementor-element elementor-element-5f45d69b elementor-widget elementor-widget-heading\" data-id=\"5f45d69b\" data-element_type=\"widget\" data-e-type=\"widget\" data-widget_type=\"heading.default\">\n\t\t\t\t\t<h1 class=\"elementor-heading-title elementor-size-default\">Qui est qui <\/h1>\t\t\t\t<\/div>\n\t\t\t\t<div class=\"elementor-element elementor-element-6d6ae9e3 elementor-widget elementor-widget-text-editor\" data-id=\"6d6ae9e3\" data-element_type=\"widget\" data-e-type=\"widget\" data-widget_type=\"text-editor.default\">\n\t\t\t\t\t\t\t\t\t<p>Ce sont les personnes qui font tourner la Maison et qui s&rsquo;investissent chaque jour pour en faire un lieu chaleureux.&nbsp;<\/p>\t\t\t\t\t\t\t\t<\/div>\n\t\t\t\t<\/div>\n\t\t\t\t<\/div>\n\t\t<div class=\"elementor-element elementor-element-70ad4fb7 e-flex e-con-boxed e-con e-parent\" data-id=\"70ad4fb7\" data-element_type=\"container\" data-e-type=\"container\">\n\t\t\t\t\t<div class=\"e-con-inner\">\n\t\t<div class=\"elementor-element elementor-element-5f675f78 e-con-full e-flex e-con e-child\" data-id=\"5f675f78\" data-element_type=\"container\" data-e-type=\"container\">\n\t\t\t\t<div class=\"elementor-element elementor-element-1d21f628 elementor-widget elementor-widget-heading\" data-id=\"1d21f628\" data-element_type=\"widget\" data-e-type=\"widget\" data-widget_type=\"heading.default\">\n\t\t\t\t\t<h2 class=\"elementor-heading-title elementor-size-default\">Notre conseil d'administration <\/h2>\t\t\t\t<\/div>\n\t\t\t\t<\/div>\n\t\t<div class=\"elementor-element elementor-element-bd3b454 e-con-full e-flex e-con e-child\" data-id=\"bd3b454\" data-element_type=\"container\" data-e-type=\"container\">\n\t\t<div class=\"elementor-element elementor-element-50227203 e-con-full e-flex e-con e-child\" data-id=\"50227203\" data-element_type=\"container\" data-e-type=\"container\">\n\t\t\t\t<div class=\"elementor-element elementor-element-287280d6 elementor-widget elementor-widget-image\" data-id=\"287280d6\" data-element_type=\"widget\" data-e-type=\"widget\" data-widget_type=\"image.default\">\n\t\t\t\t\t\t\t\t\t\t\t\t\t\t\t<img fetchpriority=\"high\" decoding=\"async\" width=\"1080\" height=\"1080\" src=\"https:\/\/www.kinderfonds.be\/wp-content\/uploads\/Temp_Headshot_1080.webp\" class=\"attachment-large size-large wp-image-2337\" alt=\"Temporary headshot photo\" srcset=\"https:\/\/www.kinderfonds.be\/wp-content\/uploads\/Temp_Headshot_1080.webp 1080w, https:\/\/www.kinderfonds.be\/wp-content\/uploads\/Temp_Headshot_1080-150x150.webp 150w, https:\/\/www.kinderfonds.be\/wp-content\/uploads\/Temp_Headshot_1080-768x768.webp 768w\" sizes=\"(max-width: 1080px) 100vw, 1080px\" \/>\t\t\t\t\t\t\t\t\t\t\t\t\t\t\t<\/div>\n\t\t\t\t<div class=\"elementor-element elementor-element-2d1c1d61 elementor-widget elementor-widget-heading\" data-id=\"2d1c1d61\" data-element_type=\"widget\" data-e-type=\"widget\" data-widget_type=\"heading.default\">\n\t\t\t\t\t<h2 class=\"elementor-heading-title elementor-size-default\">Peter Verhelst <\/h2>\t\t\t\t<\/div>\n\t\t\t\t<div class=\"elementor-element elementor-element-5a74aac0 elementor-widget elementor-widget-text-editor\" data-id=\"5a74aac0\" data-element_type=\"widget\" data-e-type=\"widget\" data-widget_type=\"text-editor.default\">\n\t\t\t\t\t\t\t\t\t<p>Pr\u00e9sident<\/p>\t\t\t\t\t\t\t\t<\/div>\n\t\t\t\t<\/div>\n\t\t<div class=\"elementor-element elementor-element-4b966c8b e-con-full e-flex e-con e-child\" data-id=\"4b966c8b\" data-element_type=\"container\" data-e-type=\"container\">\n\t\t\t\t<div class=\"elementor-element elementor-element-3b01acf1 elementor-widget elementor-widget-image\" data-id=\"3b01acf1\" data-element_type=\"widget\" data-e-type=\"widget\" data-widget_type=\"image.default\">\n\t\t\t\t\t\t\t\t\t\t\t\t\t\t\t<img fetchpriority=\"high\" decoding=\"async\" width=\"1080\" height=\"1080\" src=\"https:\/\/www.kinderfonds.be\/wp-content\/uploads\/Temp_Headshot_1080.webp\" class=\"attachment-large size-large wp-image-2337\" alt=\"Temporary headshot photo\" srcset=\"https:\/\/www.kinderfonds.be\/wp-content\/uploads\/Temp_Headshot_1080.webp 1080w, https:\/\/www.kinderfonds.be\/wp-content\/uploads\/Temp_Headshot_1080-150x150.webp 150w, https:\/\/www.kinderfonds.be\/wp-content\/uploads\/Temp_Headshot_1080-768x768.webp 768w\" sizes=\"(max-width: 1080px) 100vw, 1080px\" \/>\t\t\t\t\t\t\t\t\t\t\t\t\t\t\t<\/div>\n\t\t\t\t<div class=\"elementor-element elementor-element-6c7884f elementor-widget elementor-widget-heading\" data-id=\"6c7884f\" data-element_type=\"widget\" data-e-type=\"widget\" data-widget_type=\"heading.default\">\n\t\t\t\t\t<h2 class=\"elementor-heading-title elementor-size-default\">Mark De herdt<\/h2>\t\t\t\t<\/div>\n\t\t\t\t<div class=\"elementor-element elementor-element-12ba80cb elementor-widget elementor-widget-text-editor\" data-id=\"12ba80cb\" data-element_type=\"widget\" data-e-type=\"widget\" data-widget_type=\"text-editor.default\">\n\t\t\t\t\t\t\t\t\t<p>Vice-pr\u00e9sident<\/p>\t\t\t\t\t\t\t\t<\/div>\n\t\t\t\t<\/div>\n\t\t<div class=\"elementor-element elementor-element-786143d8 e-con-full e-flex e-con e-child\" data-id=\"786143d8\" data-element_type=\"container\" data-e-type=\"container\">\n\t\t\t\t<div class=\"elementor-element elementor-element-768e8191 elementor-widget elementor-widget-image\" data-id=\"768e8191\" data-element_type=\"widget\" data-e-type=\"widget\" data-widget_type=\"image.default\">\n\t\t\t\t\t\t\t\t\t\t\t\t\t\t\t<img decoding=\"async\" width=\"689\" height=\"755\" src=\"https:\/\/www.kinderfonds.be\/wp-content\/uploads\/HILDE-ZAS.jpg\" class=\"attachment-large size-large wp-image-6570\" alt=\"\" srcset=\"https:\/\/www.kinderfonds.be\/wp-content\/uploads\/HILDE-ZAS.jpg 689w, https:\/\/www.kinderfonds.be\/wp-content\/uploads\/HILDE-ZAS-137x150.jpg 137w\" sizes=\"(max-width: 689px) 100vw, 689px\" \/>\t\t\t\t\t\t\t\t\t\t\t\t\t\t\t<\/div>\n\t\t\t\t<div class=\"elementor-element elementor-element-16ef83aa elementor-widget elementor-widget-heading\" data-id=\"16ef83aa\" data-element_type=\"widget\" data-e-type=\"widget\" data-widget_type=\"heading.default\">\n\t\t\t\t\t<h2 class=\"elementor-heading-title elementor-size-default\">Hilde Celeste De Jonge<\/h2>\t\t\t\t<\/div>\n\t\t\t\t<div class=\"elementor-element elementor-element-331310e4 elementor-widget elementor-widget-text-editor\" data-id=\"331310e4\" data-element_type=\"widget\" data-e-type=\"widget\" data-widget_type=\"text-editor.default\">\n\t\t\t\t\t\t\t\t\t<p>CEO<\/p>\t\t\t\t\t\t\t\t<\/div>\n\t\t\t\t<\/div>\n\t\t\t\t<\/div>\n\t\t\t\t\t<\/div>\n\t\t\t\t<\/div>\n\t\t<div class=\"elementor-element elementor-element-4265dcae e-flex e-con-boxed e-con e-parent\" data-id=\"4265dcae\" data-element_type=\"container\" data-e-type=\"container\">\n\t\t\t\t\t<div class=\"e-con-inner\">\n\t\t<div class=\"elementor-element elementor-element-3f02f11f e-con-full e-flex e-con e-child\" data-id=\"3f02f11f\" data-element_type=\"container\" data-e-type=\"container\">\n\t\t\t\t<div class=\"elementor-element elementor-element-7e3508a7 elementor-widget elementor-widget-heading\" data-id=\"7e3508a7\" data-element_type=\"widget\" data-e-type=\"widget\" data-widget_type=\"heading.default\">\n\t\t\t\t\t<h2 class=\"elementor-heading-title elementor-size-default\">Fonctionnement quotidien <\/h2>\t\t\t\t<\/div>\n\t\t\t\t<\/div>\n\t\t<div class=\"elementor-element elementor-element-236224c e-con-full e-flex e-con e-child\" data-id=\"236224c\" data-element_type=\"container\" data-e-type=\"container\">\n\t\t<div class=\"elementor-element elementor-element-42adc4f5 e-con-full e-flex e-con e-child\" data-id=\"42adc4f5\" data-element_type=\"container\" data-e-type=\"container\">\n\t\t\t\t<div class=\"elementor-element elementor-element-51117aea elementor-widget elementor-widget-image\" data-id=\"51117aea\" data-element_type=\"widget\" data-e-type=\"widget\" data-widget_type=\"image.default\">\n\t\t\t\t\t\t\t\t\t\t\t\t\t\t\t<img decoding=\"async\" width=\"1708\" height=\"2560\" src=\"https:\/\/www.kinderfonds.be\/wp-content\/uploads\/6I6A9710-scaled.jpg\" class=\"attachment-large size-large wp-image-6571\" alt=\"\" srcset=\"https:\/\/www.kinderfonds.be\/wp-content\/uploads\/6I6A9710-scaled.jpg 1708w, https:\/\/www.kinderfonds.be\/wp-content\/uploads\/6I6A9710-100x150.jpg 100w, https:\/\/www.kinderfonds.be\/wp-content\/uploads\/6I6A9710-768x1151.jpg 768w, https:\/\/www.kinderfonds.be\/wp-content\/uploads\/6I6A9710-1025x1536.jpg 1025w, https:\/\/www.kinderfonds.be\/wp-content\/uploads\/6I6A9710-1366x2048.jpg 1366w\" sizes=\"(max-width: 1708px) 100vw, 1708px\" \/>\t\t\t\t\t\t\t\t\t\t\t\t\t\t\t<\/div>\n\t\t\t\t<div class=\"elementor-element elementor-element-46effdbf elementor-widget elementor-widget-heading\" data-id=\"46effdbf\" data-element_type=\"widget\" data-e-type=\"widget\" data-widget_type=\"heading.default\">\n\t\t\t\t\t<h2 class=\"elementor-heading-title elementor-size-default\">Ingrid Vanlerberghe<\/h2>\t\t\t\t<\/div>\n\t\t\t\t<div class=\"elementor-element elementor-element-48435ac5 elementor-widget elementor-widget-text-editor\" data-id=\"48435ac5\" data-element_type=\"widget\" data-e-type=\"widget\" data-widget_type=\"text-editor.default\">\n\t\t\t\t\t\t\t\t\t<p>House Manager<\/p>\t\t\t\t\t\t\t\t<\/div>\n\t\t\t\t<\/div>\n\t\t<div class=\"elementor-element elementor-element-6117e347 e-con-full e-flex e-con e-child\" data-id=\"6117e347\" data-element_type=\"container\" data-e-type=\"container\">\n\t\t\t\t<div class=\"elementor-element elementor-element-6ec73e02 elementor-widget elementor-widget-image\" data-id=\"6ec73e02\" data-element_type=\"widget\" data-e-type=\"widget\" data-widget_type=\"image.default\">\n\t\t\t\t\t\t\t\t\t\t\t\t\t\t\t<img loading=\"lazy\" decoding=\"async\" width=\"1708\" height=\"2560\" src=\"https:\/\/www.kinderfonds.be\/wp-content\/uploads\/6I6A9737-scaled.jpg\" class=\"attachment-large size-large wp-image-6572\" alt=\"\" srcset=\"https:\/\/www.kinderfonds.be\/wp-content\/uploads\/6I6A9737-scaled.jpg 1708w, https:\/\/www.kinderfonds.be\/wp-content\/uploads\/6I6A9737-100x150.jpg 100w, https:\/\/www.kinderfonds.be\/wp-content\/uploads\/6I6A9737-768x1151.jpg 768w, https:\/\/www.kinderfonds.be\/wp-content\/uploads\/6I6A9737-1025x1536.jpg 1025w, https:\/\/www.kinderfonds.be\/wp-content\/uploads\/6I6A9737-1366x2048.jpg 1366w\" sizes=\"(max-width: 1708px) 100vw, 1708px\" \/>\t\t\t\t\t\t\t\t\t\t\t\t\t\t\t<\/div>\n\t\t\t\t<div class=\"elementor-element elementor-element-2b81eedc elementor-widget elementor-widget-heading\" data-id=\"2b81eedc\" data-element_type=\"widget\" data-e-type=\"widget\" data-widget_type=\"heading.default\">\n\t\t\t\t\t<h2 class=\"elementor-heading-title elementor-size-default\">L\u00e9onie Bootsma<\/h2>\t\t\t\t<\/div>\n\t\t\t\t<div class=\"elementor-element elementor-element-6c14a51d elementor-widget elementor-widget-text-editor\" data-id=\"6c14a51d\" data-element_type=\"widget\" data-e-type=\"widget\" data-widget_type=\"text-editor.default\">\n\t\t\t\t\t\t\t\t\t<p>House &amp; Operations Officer<\/p>\t\t\t\t\t\t\t\t<\/div>\n\t\t\t\t<\/div>\n\t\t\t\t<\/div>\n\t\t\t\t\t<\/div>\n\t\t\t\t<\/div>\n\t\t<div class=\"elementor-element elementor-element-3552dad e-flex e-con-boxed e-con e-parent\" data-id=\"3552dad\" data-element_type=\"container\" data-e-type=\"container\">\n\t\t\t\t\t<div class=\"e-con-inner\">\n\t\t\t\t<div class=\"elementor-element elementor-element-624a16e9 elementor-widget elementor-widget-heading\" data-id=\"624a16e9\" data-element_type=\"widget\" data-e-type=\"widget\" data-widget_type=\"heading.default\">\n\t\t\t\t\t<h2 class=\"elementor-heading-title elementor-size-default\">B\u00e9n\u00e9voles<\/h2>\t\t\t\t<\/div>\n\t\t\t\t<div class=\"elementor-element elementor-element-7003be93 elementor-widget__width-initial elementor-hidden-mobile elementor-widget elementor-widget-image\" data-id=\"7003be93\" data-element_type=\"widget\" data-e-type=\"widget\" data-widget_type=\"image.default\">\n\t\t\t\t\t\t\t\t\t\t\t\t\t\t\t<img loading=\"lazy\" decoding=\"async\" width=\"1989\" height=\"850\" src=\"https:\/\/www.kinderfonds.be\/wp-content\/uploads\/20251218_173339-2.jpg\" class=\"attachment-full size-full wp-image-6842\" alt=\"\" srcset=\"https:\/\/www.kinderfonds.be\/wp-content\/uploads\/20251218_173339-2.jpg 1989w, https:\/\/www.kinderfonds.be\/wp-content\/uploads\/20251218_173339-2-150x64.jpg 150w, https:\/\/www.kinderfonds.be\/wp-content\/uploads\/20251218_173339-2-768x328.jpg 768w, https:\/\/www.kinderfonds.be\/wp-content\/uploads\/20251218_173339-2-1536x656.jpg 1536w\" sizes=\"(max-width: 1989px) 100vw, 1989px\" \/>\t\t\t\t\t\t\t\t\t\t\t\t\t\t\t<\/div>\n\t\t\t\t\t<\/div>\n\t\t\t\t<\/div>\n\t\t\t\t<\/div>\n\t\t","protected":false},"excerpt":{"rendered":"<p>Qui est qui Ce sont les personnes qui font tourner la Maison et qui s&rsquo;investissent chaque jour pour en faire un lieu chaleureux.&nbsp; Notre conseil d&rsquo;administration Peter Verhelst Pr\u00e9sident Mark De herdt Vice-pr\u00e9sident Hilde Celeste De Jonge CEO Fonctionnement quotidien Ingrid Vanlerberghe House Manager L\u00e9onie Bootsma House &amp; Operations Officer B\u00e9n\u00e9voles<\/p>\n","protected":false},"author":13,"featured_media":0,"parent":6194,"menu_order":3,"comment_status":"closed","ping_status":"closed","template":"","meta":{"footnotes":""},"class_list":["post-6184","page","type-page","status-publish","hentry"],"yoast_head":"<!-- This site is optimized with the Yoast SEO plugin v27.5 - https:\/\/yoast.com\/product\/yoast-seo-wordpress\/ -->\n<title>Qui est qui - Ronald McDonald House Charities<\/title>\n<meta name=\"robots\" content=\"index, follow, max-snippet:-1, max-image-preview:large, max-video-preview:-1\" \/>\n<link rel=\"canonical\" href=\"https:\/\/www.kinderfonds.be\/fr\/a-propos-de-nous\/wie-is-wie\/\" \/>\n<meta property=\"og:locale\" content=\"fr_FR\" \/>\n<meta property=\"og:type\" content=\"article\" \/>\n<meta property=\"og:title\" content=\"Qui est qui - Ronald McDonald House Charities\" \/>\n<meta property=\"og:description\" content=\"Qui est qui Ce sont les personnes qui font tourner la Maison et qui s&rsquo;investissent chaque jour pour en faire un lieu chaleureux.&nbsp; Notre conseil d&rsquo;administration Peter Verhelst Pr\u00e9sident Mark De herdt Vice-pr\u00e9sident Hilde Celeste De Jonge CEO Fonctionnement quotidien Ingrid Vanlerberghe House Manager L\u00e9onie Bootsma House &amp; Operations Officer B\u00e9n\u00e9voles\" \/>\n<meta property=\"og:url\" content=\"https:\/\/www.kinderfonds.be\/fr\/a-propos-de-nous\/wie-is-wie\/\" \/>\n<meta property=\"og:site_name\" content=\"Ronald McDonald House Charities\" \/>\n<meta property=\"article:modified_time\" content=\"2026-04-02T12:49:34+00:00\" \/>\n<meta property=\"og:image\" content=\"https:\/\/www.kinderfonds.be\/wp-content\/uploads\/Temp_Headshot_1080.webp\" \/>\n<meta name=\"twitter:card\" content=\"summary_large_image\" \/>\n<script type=\"application\/ld+json\" class=\"yoast-schema-graph\">{\"@context\":\"https:\\\/\\\/schema.org\",\"@graph\":[{\"@type\":\"WebPage\",\"@id\":\"https:\\\/\\\/www.kinderfonds.be\\\/fr\\\/a-propos-de-nous\\\/wie-is-wie\\\/\",\"url\":\"https:\\\/\\\/www.kinderfonds.be\\\/fr\\\/a-propos-de-nous\\\/wie-is-wie\\\/\",\"name\":\"Qui est qui - Ronald McDonald House Charities\",\"isPartOf\":{\"@id\":\"https:\\\/\\\/www.kinderfonds.be\\\/#website\"},\"primaryImageOfPage\":{\"@id\":\"https:\\\/\\\/www.kinderfonds.be\\\/fr\\\/a-propos-de-nous\\\/wie-is-wie\\\/#primaryimage\"},\"image\":{\"@id\":\"https:\\\/\\\/www.kinderfonds.be\\\/fr\\\/a-propos-de-nous\\\/wie-is-wie\\\/#primaryimage\"},\"thumbnailUrl\":\"https:\\\/\\\/www.kinderfonds.be\\\/wp-content\\\/uploads\\\/Temp_Headshot_1080.webp\",\"datePublished\":\"2026-03-25T10:58:38+00:00\",\"dateModified\":\"2026-04-02T12:49:34+00:00\",\"breadcrumb\":{\"@id\":\"https:\\\/\\\/www.kinderfonds.be\\\/fr\\\/a-propos-de-nous\\\/wie-is-wie\\\/#breadcrumb\"},\"inLanguage\":\"fr-FR\",\"potentialAction\":[{\"@type\":\"ReadAction\",\"target\":[\"https:\\\/\\\/www.kinderfonds.be\\\/fr\\\/a-propos-de-nous\\\/wie-is-wie\\\/\"]}]},{\"@type\":\"ImageObject\",\"inLanguage\":\"fr-FR\",\"@id\":\"https:\\\/\\\/www.kinderfonds.be\\\/fr\\\/a-propos-de-nous\\\/wie-is-wie\\\/#primaryimage\",\"url\":\"https:\\\/\\\/www.kinderfonds.be\\\/wp-content\\\/uploads\\\/Temp_Headshot_1080.webp\",\"contentUrl\":\"https:\\\/\\\/www.kinderfonds.be\\\/wp-content\\\/uploads\\\/Temp_Headshot_1080.webp\"},{\"@type\":\"BreadcrumbList\",\"@id\":\"https:\\\/\\\/www.kinderfonds.be\\\/fr\\\/a-propos-de-nous\\\/wie-is-wie\\\/#breadcrumb\",\"itemListElement\":[{\"@type\":\"ListItem\",\"position\":1,\"name\":\"Home\",\"item\":\"https:\\\/\\\/www.kinderfonds.be\\\/fr\\\/accueil\\\/\"},{\"@type\":\"ListItem\",\"position\":2,\"name\":\"\u00c0 propos de nous\",\"item\":\"https:\\\/\\\/www.kinderfonds.be\\\/fr\\\/a-propos-de-nous\\\/\"},{\"@type\":\"ListItem\",\"position\":3,\"name\":\"Qui est qui\"}]},{\"@type\":\"WebSite\",\"@id\":\"https:\\\/\\\/www.kinderfonds.be\\\/#website\",\"url\":\"https:\\\/\\\/www.kinderfonds.be\\\/\",\"name\":\"Ronald McDonald House Charities\",\"description\":\"Keeping families close\",\"publisher\":{\"@id\":\"https:\\\/\\\/www.kinderfonds.be\\\/#organization\"},\"potentialAction\":[{\"@type\":\"SearchAction\",\"target\":{\"@type\":\"EntryPoint\",\"urlTemplate\":\"https:\\\/\\\/www.kinderfonds.be\\\/?s={search_term_string}\"},\"query-input\":{\"@type\":\"PropertyValueSpecification\",\"valueRequired\":true,\"valueName\":\"search_term_string\"}}],\"inLanguage\":\"fr-FR\"},{\"@type\":\"Organization\",\"@id\":\"https:\\\/\\\/www.kinderfonds.be\\\/#organization\",\"name\":\"Ronald McDonald House Charities\",\"url\":\"https:\\\/\\\/www.kinderfonds.be\\\/\",\"logo\":{\"@type\":\"ImageObject\",\"inLanguage\":\"fr-FR\",\"@id\":\"https:\\\/\\\/www.kinderfonds.be\\\/#\\\/schema\\\/logo\\\/image\\\/\",\"url\":\"https:\\\/\\\/www.kinderfonds.be\\\/wp-content\\\/uploads\\\/cropped-01-Ronald-McDonald-House-Logo-Horizontal-scaled-1.png\",\"contentUrl\":\"https:\\\/\\\/www.kinderfonds.be\\\/wp-content\\\/uploads\\\/cropped-01-Ronald-McDonald-House-Logo-Horizontal-scaled-1.png\",\"width\":2558,\"height\":1403,\"caption\":\"Ronald McDonald House Charities\"},\"image\":{\"@id\":\"https:\\\/\\\/www.kinderfonds.be\\\/#\\\/schema\\\/logo\\\/image\\\/\"}}]}<\/script>\n<!-- \/ Yoast SEO plugin. -->","yoast_head_json":{"title":"Qui est qui - Ronald McDonald House Charities","robots":{"index":"index","follow":"follow","max-snippet":"max-snippet:-1","max-image-preview":"max-image-preview:large","max-video-preview":"max-video-preview:-1"},"canonical":"https:\/\/www.kinderfonds.be\/fr\/a-propos-de-nous\/wie-is-wie\/","og_locale":"fr_FR","og_type":"article","og_title":"Qui est qui - Ronald McDonald House Charities","og_description":"Qui est qui Ce sont les personnes qui font tourner la Maison et qui s&rsquo;investissent chaque jour pour en faire un lieu chaleureux.&nbsp; Notre conseil d&rsquo;administration Peter Verhelst Pr\u00e9sident Mark De herdt Vice-pr\u00e9sident Hilde Celeste De Jonge CEO Fonctionnement quotidien Ingrid Vanlerberghe House Manager L\u00e9onie Bootsma House &amp; Operations Officer B\u00e9n\u00e9voles","og_url":"https:\/\/www.kinderfonds.be\/fr\/a-propos-de-nous\/wie-is-wie\/","og_site_name":"Ronald McDonald House Charities","article_modified_time":"2026-04-02T12:49:34+00:00","og_image":[{"url":"https:\/\/www.kinderfonds.be\/wp-content\/uploads\/Temp_Headshot_1080.webp","type":"","width":"","height":""}],"twitter_card":"summary_large_image","schema":{"@context":"https:\/\/schema.org","@graph":[{"@type":"WebPage","@id":"https:\/\/www.kinderfonds.be\/fr\/a-propos-de-nous\/wie-is-wie\/","url":"https:\/\/www.kinderfonds.be\/fr\/a-propos-de-nous\/wie-is-wie\/","name":"Qui est qui - Ronald McDonald House Charities","isPartOf":{"@id":"https:\/\/www.kinderfonds.be\/#website"},"primaryImageOfPage":{"@id":"https:\/\/www.kinderfonds.be\/fr\/a-propos-de-nous\/wie-is-wie\/#primaryimage"},"image":{"@id":"https:\/\/www.kinderfonds.be\/fr\/a-propos-de-nous\/wie-is-wie\/#primaryimage"},"thumbnailUrl":"https:\/\/www.kinderfonds.be\/wp-content\/uploads\/Temp_Headshot_1080.webp","datePublished":"2026-03-25T10:58:38+00:00","dateModified":"2026-04-02T12:49:34+00:00","breadcrumb":{"@id":"https:\/\/www.kinderfonds.be\/fr\/a-propos-de-nous\/wie-is-wie\/#breadcrumb"},"inLanguage":"fr-FR","potentialAction":[{"@type":"ReadAction","target":["https:\/\/www.kinderfonds.be\/fr\/a-propos-de-nous\/wie-is-wie\/"]}]},{"@type":"ImageObject","inLanguage":"fr-FR","@id":"https:\/\/www.kinderfonds.be\/fr\/a-propos-de-nous\/wie-is-wie\/#primaryimage","url":"https:\/\/www.kinderfonds.be\/wp-content\/uploads\/Temp_Headshot_1080.webp","contentUrl":"https:\/\/www.kinderfonds.be\/wp-content\/uploads\/Temp_Headshot_1080.webp"},{"@type":"BreadcrumbList","@id":"https:\/\/www.kinderfonds.be\/fr\/a-propos-de-nous\/wie-is-wie\/#breadcrumb","itemListElement":[{"@type":"ListItem","position":1,"name":"Home","item":"https:\/\/www.kinderfonds.be\/fr\/accueil\/"},{"@type":"ListItem","position":2,"name":"\u00c0 propos de nous","item":"https:\/\/www.kinderfonds.be\/fr\/a-propos-de-nous\/"},{"@type":"ListItem","position":3,"name":"Qui est qui"}]},{"@type":"WebSite","@id":"https:\/\/www.kinderfonds.be\/#website","url":"https:\/\/www.kinderfonds.be\/","name":"Ronald McDonald House Charities","description":"Keeping families close","publisher":{"@id":"https:\/\/www.kinderfonds.be\/#organization"},"potentialAction":[{"@type":"SearchAction","target":{"@type":"EntryPoint","urlTemplate":"https:\/\/www.kinderfonds.be\/?s={search_term_string}"},"query-input":{"@type":"PropertyValueSpecification","valueRequired":true,"valueName":"search_term_string"}}],"inLanguage":"fr-FR"},{"@type":"Organization","@id":"https:\/\/www.kinderfonds.be\/#organization","name":"Ronald McDonald House Charities","url":"https:\/\/www.kinderfonds.be\/","logo":{"@type":"ImageObject","inLanguage":"fr-FR","@id":"https:\/\/www.kinderfonds.be\/#\/schema\/logo\/image\/","url":"https:\/\/www.kinderfonds.be\/wp-content\/uploads\/cropped-01-Ronald-McDonald-House-Logo-Horizontal-scaled-1.png","contentUrl":"https:\/\/www.kinderfonds.be\/wp-content\/uploads\/cropped-01-Ronald-McDonald-House-Logo-Horizontal-scaled-1.png","width":2558,"height":1403,"caption":"Ronald McDonald House Charities"},"image":{"@id":"https:\/\/www.kinderfonds.be\/#\/schema\/logo\/image\/"}}]}},"_links":{"self":[{"href":"https:\/\/www.kinderfonds.be\/fr\/wp-json\/wp\/v2\/pages\/6184","targetHints":{"allow":["GET"]}}],"collection":[{"href":"https:\/\/www.kinderfonds.be\/fr\/wp-json\/wp\/v2\/pages"}],"about":[{"href":"https:\/\/www.kinderfonds.be\/fr\/wp-json\/wp\/v2\/types\/page"}],"author":[{"embeddable":true,"href":"https:\/\/www.kinderfonds.be\/fr\/wp-json\/wp\/v2\/users\/13"}],"replies":[{"embeddable":true,"href":"https:\/\/www.kinderfonds.be\/fr\/wp-json\/wp\/v2\/comments?post=6184"}],"version-history":[{"count":9,"href":"https:\/\/www.kinderfonds.be\/fr\/wp-json\/wp\/v2\/pages\/6184\/revisions"}],"predecessor-version":[{"id":6847,"href":"https:\/\/www.kinderfonds.be\/fr\/wp-json\/wp\/v2\/pages\/6184\/revisions\/6847"}],"up":[{"embeddable":true,"href":"https:\/\/www.kinderfonds.be\/fr\/wp-json\/wp\/v2\/pages\/6194"}],"wp:attachment":[{"href":"https:\/\/www.kinderfonds.be\/fr\/wp-json\/wp\/v2\/media?parent=6184"}],"curies":[{"name":"wp","href":"https:\/\/api.w.org\/{rel}","templated":true}]}}