{"id":6216,"date":"2025-08-13T11:16:22","date_gmt":"2025-08-13T09:16:22","guid":{"rendered":"https:\/\/www.kinderfonds.be\/actualites\/evenements\/"},"modified":"2026-04-03T14:29:39","modified_gmt":"2026-04-03T12:29:39","slug":"evenements","status":"publish","type":"page","link":"https:\/\/www.kinderfonds.be\/fr\/actualites\/evenements\/","title":{"rendered":"\u00c9v\u00e9nements"},"content":{"rendered":"\t\t<div data-elementor-type=\"wp-page\" data-elementor-id=\"6216\" class=\"elementor elementor-6216 elementor-6092\" data-elementor-post-type=\"page\">\n\t\t\t\t<div class=\"elementor-element elementor-element-368424d3 e-con-full e-flex e-con e-parent\" data-id=\"368424d3\" data-element_type=\"container\" data-e-type=\"container\">\n\t\t\t\t<div class=\"elementor-element elementor-element-661e400b elementor-widget__width-initial elementor-hidden-mobile elementor-widget elementor-widget-image\" data-id=\"661e400b\" data-element_type=\"widget\" data-e-type=\"widget\" data-widget_type=\"image.default\">\n\t\t\t\t\t\t\t\t\t\t\t\t\t\t\t<img fetchpriority=\"high\" decoding=\"async\" width=\"2039\" height=\"890\" src=\"https:\/\/www.kinderfonds.be\/wp-content\/uploads\/0E6A2219-2-2048x1365-1.jpg\" class=\"attachment-full size-full wp-image-6943\" alt=\"\" srcset=\"https:\/\/www.kinderfonds.be\/wp-content\/uploads\/0E6A2219-2-2048x1365-1.jpg 2039w, https:\/\/www.kinderfonds.be\/wp-content\/uploads\/0E6A2219-2-2048x1365-1-150x65.jpg 150w, https:\/\/www.kinderfonds.be\/wp-content\/uploads\/0E6A2219-2-2048x1365-1-768x335.jpg 768w, https:\/\/www.kinderfonds.be\/wp-content\/uploads\/0E6A2219-2-2048x1365-1-1536x670.jpg 1536w\" sizes=\"(max-width: 2039px) 100vw, 2039px\" \/>\t\t\t\t\t\t\t\t\t\t\t\t\t\t\t<\/div>\n\t\t\t\t<\/div>\n\t\t<div class=\"elementor-element elementor-element-464c9aad e-con-full e-flex e-con e-parent\" data-id=\"464c9aad\" data-element_type=\"container\" data-e-type=\"container\" id=\"content\">\n\t\t<div class=\"elementor-element elementor-element-2745992 e-con-full e-flex e-con e-child\" data-id=\"2745992\" data-element_type=\"container\" data-e-type=\"container\">\n\t\t\t\t<div class=\"elementor-element elementor-element-5bf8275a elementor-widget elementor-widget-heading\" data-id=\"5bf8275a\" data-element_type=\"widget\" data-e-type=\"widget\" data-widget_type=\"heading.default\">\n\t\t\t\t\t<h1 class=\"elementor-heading-title elementor-size-default\">Prochains \u00e9v\u00e9nements<\/h1>\t\t\t\t<\/div>\n\t\t\t\t<\/div>\n\t\t\t\t<\/div>\n\t\t<div class=\"elementor-element elementor-element-40530a92 e-con-full e-flex e-con e-parent\" data-id=\"40530a92\" data-element_type=\"container\" data-e-type=\"container\">\n\t\t<div class=\"elementor-element elementor-element-220c905a e-con-full aminate-on-hover e-flex e-con e-child\" data-id=\"220c905a\" data-element_type=\"container\" data-e-type=\"container\" data-settings=\"{&quot;background_background&quot;:&quot;classic&quot;}\">\n\t\t<div class=\"elementor-element elementor-element-5619798a e-con-full animate-peek-a-boo e-flex e-con e-child\" data-id=\"5619798a\" data-element_type=\"container\" data-e-type=\"container\" data-settings=\"{&quot;background_background&quot;:&quot;classic&quot;}\">\n\t\t\t\t<div class=\"elementor-element elementor-element-3d4ebe77 animate-zoom elementor-widget__width-initial elementor-widget-mobile__width-initial elementor-widget elementor-widget-heading\" data-id=\"3d4ebe77\" data-element_type=\"widget\" data-e-type=\"widget\" data-widget_type=\"heading.default\">\n\t\t\t\t\t<h2 class=\"elementor-heading-title elementor-size-default\">Soins aux familles \u2013 Soir\u00e9e de remerciement<\/h2>\t\t\t\t<\/div>\n\t\t\t\t<div class=\"elementor-element elementor-element-11d46a39 elementor-widget elementor-widget-text-editor\" data-id=\"11d46a39\" data-element_type=\"widget\" data-e-type=\"widget\" data-widget_type=\"text-editor.default\">\n\t\t\t\t\t\t\t\t\t<p>Une soir\u00e9e inspirante consacr\u00e9e aux soins centr\u00e9s sur la famille et au lancement de la nouvelle identit\u00e9 visuelle.<\/p><div><p> <\/p><\/div>\t\t\t\t\t\t\t\t<\/div>\n\t\t\t\t<div class=\"elementor-element elementor-element-56b2f11b e-transform animate-slide elementor-view-default elementor-widget elementor-widget-icon\" data-id=\"56b2f11b\" data-element_type=\"widget\" data-e-type=\"widget\" data-settings=\"{&quot;_transform_translateY_effect&quot;:{&quot;unit&quot;:&quot;px&quot;,&quot;size&quot;:-20,&quot;sizes&quot;:[]},&quot;_transform_translateX_effect&quot;:{&quot;unit&quot;:&quot;px&quot;,&quot;size&quot;:&quot;&quot;,&quot;sizes&quot;:[]},&quot;_transform_translateX_effect_tablet&quot;:{&quot;unit&quot;:&quot;px&quot;,&quot;size&quot;:&quot;&quot;,&quot;sizes&quot;:[]},&quot;_transform_translateX_effect_mobile&quot;:{&quot;unit&quot;:&quot;px&quot;,&quot;size&quot;:&quot;&quot;,&quot;sizes&quot;:[]},&quot;_transform_translateY_effect_tablet&quot;:{&quot;unit&quot;:&quot;px&quot;,&quot;size&quot;:&quot;&quot;,&quot;sizes&quot;:[]},&quot;_transform_translateY_effect_mobile&quot;:{&quot;unit&quot;:&quot;px&quot;,&quot;size&quot;:&quot;&quot;,&quot;sizes&quot;:[]}}\" data-widget_type=\"icon.default\">\n\t\t\t\t\t\t\t<div class=\"elementor-icon-wrapper\">\n\t\t\t<div class=\"elementor-icon\">\n\t\t\t<svg aria-hidden=\"true\" class=\"e-font-icon-svg e-fas-arrow-right\" viewBox=\"0 0 448 512\" xmlns=\"http:\/\/www.w3.org\/2000\/svg\"><path d=\"M190.5 66.9l22.2-22.2c9.4-9.4 24.6-9.4 33.9 0L441 239c9.4 9.4 9.4 24.6 0 33.9L246.6 467.3c-9.4 9.4-24.6 9.4-33.9 0l-22.2-22.2c-9.5-9.5-9.3-25 .4-34.3L311.4 296H24c-13.3 0-24-10.7-24-24v-32c0-13.3 10.7-24 24-24h287.4L190.9 101.2c-9.8-9.3-10-24.8-.4-34.3z\"><\/path><\/svg>\t\t\t<\/div>\n\t\t<\/div>\n\t\t\t\t\t\t<\/div>\n\t\t\t\t<\/div>\n\t\t\t\t<\/div>\n\t\t<div class=\"elementor-element elementor-element-1ef05e5e e-con-full aminate-on-hover e-flex e-con e-child\" data-id=\"1ef05e5e\" data-element_type=\"container\" data-e-type=\"container\" data-settings=\"{&quot;background_background&quot;:&quot;classic&quot;}\">\n\t\t<div class=\"elementor-element elementor-element-12962fdf e-con-full animate-peek-a-boo e-flex e-con e-child\" data-id=\"12962fdf\" data-element_type=\"container\" data-e-type=\"container\" data-settings=\"{&quot;background_background&quot;:&quot;classic&quot;}\">\n\t\t\t\t<div class=\"elementor-element elementor-element-2930245c animate-zoom elementor-widget__width-initial elementor-widget-mobile__width-initial elementor-widget elementor-widget-heading\" data-id=\"2930245c\" data-element_type=\"widget\" data-e-type=\"widget\" data-widget_type=\"heading.default\">\n\t\t\t\t\t<h2 class=\"elementor-heading-title elementor-size-default\">Soir\u00e9e de gala de collecte de fonds<\/h2>\t\t\t\t<\/div>\n\t\t\t\t<div class=\"elementor-element elementor-element-3f6c3ea2 elementor-widget elementor-widget-text-editor\" data-id=\"3f6c3ea2\" data-element_type=\"widget\" data-e-type=\"widget\" data-widget_type=\"text-editor.default\">\n\t\t\t\t\t\t\t\t\t<p><span style=\"white-space-collapse: preserve;\">Une soir\u00e9e de collecte de fonds \u00e9l\u00e9gante qui contribue \u00e0 offrir un accompagnement chaleureux et une pr\u00e9sence r\u00e9confortante aux familles dont un enfant est hospitalis\u00e9. <\/span><\/p>\t\t\t\t\t\t\t\t<\/div>\n\t\t\t\t<div class=\"elementor-element elementor-element-404e2499 e-transform animate-slide elementor-view-default elementor-widget elementor-widget-icon\" data-id=\"404e2499\" data-element_type=\"widget\" data-e-type=\"widget\" data-settings=\"{&quot;_transform_translateY_effect&quot;:{&quot;unit&quot;:&quot;px&quot;,&quot;size&quot;:-20,&quot;sizes&quot;:[]},&quot;_transform_translateX_effect&quot;:{&quot;unit&quot;:&quot;px&quot;,&quot;size&quot;:&quot;&quot;,&quot;sizes&quot;:[]},&quot;_transform_translateX_effect_tablet&quot;:{&quot;unit&quot;:&quot;px&quot;,&quot;size&quot;:&quot;&quot;,&quot;sizes&quot;:[]},&quot;_transform_translateX_effect_mobile&quot;:{&quot;unit&quot;:&quot;px&quot;,&quot;size&quot;:&quot;&quot;,&quot;sizes&quot;:[]},&quot;_transform_translateY_effect_tablet&quot;:{&quot;unit&quot;:&quot;px&quot;,&quot;size&quot;:&quot;&quot;,&quot;sizes&quot;:[]},&quot;_transform_translateY_effect_mobile&quot;:{&quot;unit&quot;:&quot;px&quot;,&quot;size&quot;:&quot;&quot;,&quot;sizes&quot;:[]}}\" data-widget_type=\"icon.default\">\n\t\t\t\t\t\t\t<div class=\"elementor-icon-wrapper\">\n\t\t\t<div class=\"elementor-icon\">\n\t\t\t<svg aria-hidden=\"true\" class=\"e-font-icon-svg e-fas-arrow-right\" viewBox=\"0 0 448 512\" xmlns=\"http:\/\/www.w3.org\/2000\/svg\"><path d=\"M190.5 66.9l22.2-22.2c9.4-9.4 24.6-9.4 33.9 0L441 239c9.4 9.4 9.4 24.6 0 33.9L246.6 467.3c-9.4 9.4-24.6 9.4-33.9 0l-22.2-22.2c-9.5-9.5-9.3-25 .4-34.3L311.4 296H24c-13.3 0-24-10.7-24-24v-32c0-13.3 10.7-24 24-24h287.4L190.9 101.2c-9.8-9.3-10-24.8-.4-34.3z\"><\/path><\/svg>\t\t\t<\/div>\n\t\t<\/div>\n\t\t\t\t\t\t<\/div>\n\t\t\t\t<\/div>\n\t\t\t\t<\/div>\n\t\t\t\t<\/div>\n\t\t<div class=\"elementor-element elementor-element-4a6b86d4 e-con-full e-flex e-con e-parent\" data-id=\"4a6b86d4\" data-element_type=\"container\" data-e-type=\"container\" id=\"content\">\n\t\t<div class=\"elementor-element elementor-element-24b05b28 e-con-full e-flex e-con e-child\" data-id=\"24b05b28\" data-element_type=\"container\" data-e-type=\"container\">\n\t\t\t\t<div class=\"elementor-element elementor-element-2ab3d301 elementor-widget elementor-widget-heading\" data-id=\"2ab3d301\" data-element_type=\"widget\" data-e-type=\"widget\" data-widget_type=\"heading.default\">\n\t\t\t\t\t<h2 class=\"elementor-heading-title elementor-size-default\">\u00c9v\u00e9nements pass\u00e9s<\/h2>\t\t\t\t<\/div>\n\t\t\t\t<div class=\"elementor-element elementor-element-5784cfb elementor-widget elementor-widget-text-editor\" data-id=\"5784cfb\" data-element_type=\"widget\" data-e-type=\"widget\" data-widget_type=\"text-editor.default\">\n\t\t\t\t\t\t\t\t\t<p>Retour sur les \u00e9v\u00e9nements qui ont donn\u00e9 vie \u00e0 notre histoire.<\/p>\t\t\t\t\t\t\t\t<\/div>\n\t\t\t\t<\/div>\n\t\t\t\t<\/div>\n\t\t<div class=\"elementor-element elementor-element-2e0e9aab e-con-full e-flex e-con e-parent\" data-id=\"2e0e9aab\" data-element_type=\"container\" data-e-type=\"container\" id=\"content\">\n\t\t<div class=\"elementor-element elementor-element-ab9c454 e-con-full e-flex e-con e-child\" data-id=\"ab9c454\" data-element_type=\"container\" data-e-type=\"container\">\n\t\t\t\t<div class=\"elementor-element elementor-element-136c165c elementor-widget elementor-widget-heading\" data-id=\"136c165c\" data-element_type=\"widget\" data-e-type=\"widget\" data-widget_type=\"heading.default\">\n\t\t\t\t\t<h3 class=\"elementor-heading-title elementor-size-default\">Bal de gala 2025<\/h3>\t\t\t\t<\/div>\n\t\t\t\t<div class=\"elementor-element elementor-element-417ea293 elementor-widget elementor-widget-text-editor\" data-id=\"417ea293\" data-element_type=\"widget\" data-e-type=\"widget\" data-widget_type=\"text-editor.default\">\n\t\t\t\t\t\t\t\t\t<p>Le 10 octobre 2025, notre troisi\u00e8me gala de collecte de fonds s&rsquo;est tenu au Casino de Knokke. Une soir\u00e9e chaleureuse et festive enti\u00e8rement consacr\u00e9e \u00e0 notre nouveau salon au ZAS Augustinus. Gr\u00e2ce au succ\u00e8s de la vente aux ench\u00e8res et de la tombola, nous avons fait un pas de plus vers la r\u00e9alisation de notre mission : soutenir les familles d&rsquo;enfants hospitalis\u00e9s. D\u00e9couvrez ci-dessous la vid\u00e9o r\u00e9trospective !    <\/p>\t\t\t\t\t\t\t\t<\/div>\n\t\t\t\t<\/div>\n\t\t\t\t<\/div>\n\t\t<div class=\"elementor-element elementor-element-44d6e2e e-flex e-con-boxed e-con e-parent\" data-id=\"44d6e2e\" data-element_type=\"container\" data-e-type=\"container\">\n\t\t\t\t\t<div class=\"e-con-inner\">\n\t\t\t\t<div class=\"elementor-element elementor-element-39a03ff elementor-widget elementor-widget-video\" data-id=\"39a03ff\" data-element_type=\"widget\" data-e-type=\"widget\" data-settings=\"{&quot;video_type&quot;:&quot;vimeo&quot;}\" data-widget_type=\"video.default\">\n\t\t\t\t\t\t\t<div class=\"elementor-wrapper elementor-open-inline\">\n\t\t\t<iframe class=\"elementor-video-iframe\" allowfullscreen allow=\"clipboard-write\" title=\"Lecteur vid\u00e9o vimeo\" src=\"https:\/\/player.vimeo.com\/video\/1177647296?color&amp;autopause=0&amp;loop=0&amp;muted=0&amp;title=1&amp;portrait=1&amp;byline=1#t=\"><\/iframe>\t\t<\/div>\n\t\t\t\t\t\t<\/div>\n\t\t\t\t\t<\/div>\n\t\t\t\t<\/div>\n\t\t<div class=\"elementor-element elementor-element-c440bdf e-con-full e-flex e-con e-parent\" data-id=\"c440bdf\" data-element_type=\"container\" data-e-type=\"container\">\n\t\t<div class=\"elementor-element elementor-element-15902be e-con-full e-flex e-con e-child\" data-id=\"15902be\" data-element_type=\"container\" data-e-type=\"container\">\n\t\t\t\t<div class=\"elementor-element elementor-element-dad1711 elementor-widget elementor-widget-heading\" data-id=\"dad1711\" data-element_type=\"widget\" data-e-type=\"widget\" data-widget_type=\"heading.default\">\n\t\t\t\t\t<h3 class=\"elementor-heading-title elementor-size-default\">Boisson de printemps 2025<\/h3>\t\t\t\t<\/div>\n\t\t\t\t<div class=\"elementor-element elementor-element-23756eb elementor-widget elementor-widget-text-editor\" data-id=\"23756eb\" data-element_type=\"widget\" data-e-type=\"widget\" data-widget_type=\"text-editor.default\">\n\t\t\t\t\t\t\t\t\t<p>Le 27 mars 2025, nous avons organis\u00e9 un ap\u00e9ritif de printemps \u00e0 la Maison Ronald McDonald. Nos partenaires et nos relations se sont r\u00e9unis pour une r\u00e9ception informelle afin de faire le bilan de l&rsquo;ann\u00e9e 2024 et d&rsquo;envisager l&rsquo;avenir.  <\/p>\t\t\t\t\t\t\t\t<\/div>\n\t\t\t\t<\/div>\n\t\t\t\t<\/div>\n\t\t<div class=\"elementor-element elementor-element-4a27669 e-con-full e-flex e-con e-parent\" data-id=\"4a27669\" data-element_type=\"container\" data-e-type=\"container\" data-settings=\"{&quot;background_background&quot;:&quot;classic&quot;}\">\n\t\t<div class=\"elementor-element elementor-element-7955d7e e-con-full e-flex e-con e-child\" data-id=\"7955d7e\" data-element_type=\"container\" data-e-type=\"container\">\n\t\t\t\t<div class=\"elementor-element elementor-element-ee244b9 elementor-skin-coverflow elementor-pagination-position-inside elementor-pagination-type-bullets elementor-widget elementor-widget-media-carousel\" data-id=\"ee244b9\" data-element_type=\"widget\" data-e-type=\"widget\" data-settings=\"{&quot;skin&quot;:&quot;coverflow&quot;,&quot;slides_per_view&quot;:&quot;3&quot;,&quot;slides_per_view_tablet&quot;:&quot;1&quot;,&quot;slides_to_scroll&quot;:&quot;1&quot;,&quot;slides_to_scroll_tablet&quot;:&quot;1&quot;,&quot;lazyload&quot;:&quot;yes&quot;,&quot;pagination&quot;:&quot;bullets&quot;,&quot;speed&quot;:500,&quot;loop&quot;:&quot;yes&quot;,&quot;space_between&quot;:{&quot;unit&quot;:&quot;px&quot;,&quot;size&quot;:10,&quot;sizes&quot;:[]},&quot;space_between_tablet&quot;:{&quot;unit&quot;:&quot;px&quot;,&quot;size&quot;:10,&quot;sizes&quot;:[]},&quot;space_between_mobile&quot;:{&quot;unit&quot;:&quot;px&quot;,&quot;size&quot;:10,&quot;sizes&quot;:[]}}\" data-widget_type=\"media-carousel.default\">\n\t\t\t\t\t\t\t\t\t\t<div class=\"elementor-main-swiper swiper\" role=\"region\" aria-roledescription=\"carousel\" aria-label=\"Diapositives\">\n\t\t\t\t<div class=\"swiper-wrapper\">\n\t\t\t\t\t\t\t\t\t\t\t<div class=\"swiper-slide\" role=\"group\" aria-roledescription=\"slide\">\n\t\t\t\t\t\t\t\t\t<div class=\"elementor-carousel-image swiper-lazy\" role=\"img\" aria-label=\"Lente_2025_19 (1 van 1)\" data-background=\"https:\/\/www.kinderfonds.be\/wp-content\/uploads\/Lente_2025_19-1-van-1-scaled.jpg\">\n\n\t\t\t\t\t\t\t<div class=\"swiper-lazy-preloader\"><\/div>\n\t\t\t\n\t\t\t\t\t<\/div>\n\t\t\t\t\t\t\t\t<\/div>\n\t\t\t\t\t\t\t\t\t\t\t<div class=\"swiper-slide\" role=\"group\" aria-roledescription=\"slide\">\n\t\t\t\t\t\t\t\t\t<div class=\"elementor-carousel-image swiper-lazy\" role=\"img\" aria-label=\"20250327_195307\" data-background=\"https:\/\/www.kinderfonds.be\/wp-content\/uploads\/20250327_195307.jpg\">\n\n\t\t\t\t\t\t\t<div class=\"swiper-lazy-preloader\"><\/div>\n\t\t\t\n\t\t\t\t\t<\/div>\n\t\t\t\t\t\t\t\t<\/div>\n\t\t\t\t\t\t\t\t\t\t\t<div class=\"swiper-slide\" role=\"group\" aria-roledescription=\"slide\">\n\t\t\t\t\t\t\t\t\t<div class=\"elementor-carousel-image swiper-lazy\" role=\"img\" aria-label=\"Lente_2025_62 (1 van 1)\" data-background=\"https:\/\/www.kinderfonds.be\/wp-content\/uploads\/Lente_2025_62-1-van-1-scaled.jpg\">\n\n\t\t\t\t\t\t\t<div class=\"swiper-lazy-preloader\"><\/div>\n\t\t\t\n\t\t\t\t\t<\/div>\n\t\t\t\t\t\t\t\t<\/div>\n\t\t\t\t\t\t\t\t\t\t\t<div class=\"swiper-slide\" role=\"group\" aria-roledescription=\"slide\">\n\t\t\t\t\t\t\t\t\t<div class=\"elementor-carousel-image swiper-lazy\" role=\"img\" aria-label=\"20250327_195832\" data-background=\"https:\/\/www.kinderfonds.be\/wp-content\/uploads\/20250327_195832-scaled.jpg\">\n\n\t\t\t\t\t\t\t<div class=\"swiper-lazy-preloader\"><\/div>\n\t\t\t\n\t\t\t\t\t<\/div>\n\t\t\t\t\t\t\t\t<\/div>\n\t\t\t\t\t\t\t\t\t\t\t<div class=\"swiper-slide\" role=\"group\" aria-roledescription=\"slide\">\n\t\t\t\t\t\t\t\t\t<div class=\"elementor-carousel-image swiper-lazy\" role=\"img\" aria-label=\"Lente_2025_4 (1 van 1)\" data-background=\"https:\/\/www.kinderfonds.be\/wp-content\/uploads\/Lente_2025_4-1-van-1-scaled.jpg\">\n\n\t\t\t\t\t\t\t<div class=\"swiper-lazy-preloader\"><\/div>\n\t\t\t\n\t\t\t\t\t<\/div>\n\t\t\t\t\t\t\t\t<\/div>\n\t\t\t\t\t\t\t\t\t<\/div>\n\t\t\t\t\t\t\t\t\t\t\t\t\t\t\t\t\t\t\t\t<div class=\"swiper-pagination\"><\/div>\n\t\t\t\t\t\t\t\t\t\t\t\t<\/div>\n\t\t\t\t\t\t\t\t<\/div>\n\t\t\t\t<\/div>\n\t\t\t\t<\/div>\n\t\t\t\t<\/div>\n\t\t","protected":false},"excerpt":{"rendered":"<p>Prochains \u00e9v\u00e9nements Soins aux familles \u2013 Soir\u00e9e de remerciement Une soir\u00e9e inspirante consacr\u00e9e aux soins centr\u00e9s sur la famille et au lancement de la nouvelle identit\u00e9 visuelle. Soir\u00e9e de gala de collecte de fonds Une soir\u00e9e de collecte de fonds \u00e9l\u00e9gante qui contribue \u00e0 offrir un accompagnement chaleureux et une pr\u00e9sence r\u00e9confortante aux familles dont [&hellip;]<\/p>\n","protected":false},"author":10,"featured_media":0,"parent":6214,"menu_order":1,"comment_status":"closed","ping_status":"closed","template":"","meta":{"footnotes":""},"class_list":["post-6216","page","type-page","status-publish","hentry"],"yoast_head":"<!-- This site is optimized with the Yoast SEO plugin v27.5 - https:\/\/yoast.com\/product\/yoast-seo-wordpress\/ -->\n<title>\u00c9v\u00e9nements - Ronald McDonald House Charities<\/title>\n<meta name=\"robots\" content=\"index, follow, max-snippet:-1, max-image-preview:large, max-video-preview:-1\" \/>\n<link rel=\"canonical\" href=\"https:\/\/www.kinderfonds.be\/fr\/actualites\/evenements\/\" \/>\n<meta property=\"og:locale\" content=\"fr_FR\" \/>\n<meta property=\"og:type\" content=\"article\" \/>\n<meta property=\"og:title\" content=\"\u00c9v\u00e9nements - Ronald McDonald House Charities\" \/>\n<meta property=\"og:description\" content=\"Prochains \u00e9v\u00e9nements Soins aux familles \u2013 Soir\u00e9e de remerciement Une soir\u00e9e inspirante consacr\u00e9e aux soins centr\u00e9s sur la famille et au lancement de la nouvelle identit\u00e9 visuelle. Soir\u00e9e de gala de collecte de fonds Une soir\u00e9e de collecte de fonds \u00e9l\u00e9gante qui contribue \u00e0 offrir un accompagnement chaleureux et une pr\u00e9sence r\u00e9confortante aux familles dont [&hellip;]\" \/>\n<meta property=\"og:url\" content=\"https:\/\/www.kinderfonds.be\/fr\/actualites\/evenements\/\" \/>\n<meta property=\"og:site_name\" content=\"Ronald McDonald House Charities\" \/>\n<meta property=\"article:modified_time\" content=\"2026-04-03T12:29:39+00:00\" \/>\n<meta property=\"og:image\" content=\"https:\/\/www.kinderfonds.be\/wp-content\/uploads\/0E6A2219-2-2048x1365-1.jpg\" \/>\n<meta name=\"twitter:card\" content=\"summary_large_image\" \/>\n<meta name=\"twitter:label1\" content=\"Dur\u00e9e de lecture estim\u00e9e\" \/>\n\t<meta name=\"twitter:data1\" content=\"1 minute\" \/>\n<script type=\"application\/ld+json\" class=\"yoast-schema-graph\">{\"@context\":\"https:\\\/\\\/schema.org\",\"@graph\":[{\"@type\":\"WebPage\",\"@id\":\"https:\\\/\\\/www.kinderfonds.be\\\/fr\\\/actualites\\\/evenements\\\/\",\"url\":\"https:\\\/\\\/www.kinderfonds.be\\\/fr\\\/actualites\\\/evenements\\\/\",\"name\":\"\u00c9v\u00e9nements - Ronald McDonald House Charities\",\"isPartOf\":{\"@id\":\"https:\\\/\\\/www.kinderfonds.be\\\/#website\"},\"primaryImageOfPage\":{\"@id\":\"https:\\\/\\\/www.kinderfonds.be\\\/fr\\\/actualites\\\/evenements\\\/#primaryimage\"},\"image\":{\"@id\":\"https:\\\/\\\/www.kinderfonds.be\\\/fr\\\/actualites\\\/evenements\\\/#primaryimage\"},\"thumbnailUrl\":\"https:\\\/\\\/www.kinderfonds.be\\\/wp-content\\\/uploads\\\/0E6A2219-2-2048x1365-1.jpg\",\"datePublished\":\"2025-08-13T09:16:22+00:00\",\"dateModified\":\"2026-04-03T12:29:39+00:00\",\"breadcrumb\":{\"@id\":\"https:\\\/\\\/www.kinderfonds.be\\\/fr\\\/actualites\\\/evenements\\\/#breadcrumb\"},\"inLanguage\":\"fr-FR\",\"potentialAction\":[{\"@type\":\"ReadAction\",\"target\":[\"https:\\\/\\\/www.kinderfonds.be\\\/fr\\\/actualites\\\/evenements\\\/\"]}]},{\"@type\":\"ImageObject\",\"inLanguage\":\"fr-FR\",\"@id\":\"https:\\\/\\\/www.kinderfonds.be\\\/fr\\\/actualites\\\/evenements\\\/#primaryimage\",\"url\":\"https:\\\/\\\/www.kinderfonds.be\\\/wp-content\\\/uploads\\\/0E6A2219-2-2048x1365-1.jpg\",\"contentUrl\":\"https:\\\/\\\/www.kinderfonds.be\\\/wp-content\\\/uploads\\\/0E6A2219-2-2048x1365-1.jpg\"},{\"@type\":\"BreadcrumbList\",\"@id\":\"https:\\\/\\\/www.kinderfonds.be\\\/fr\\\/actualites\\\/evenements\\\/#breadcrumb\",\"itemListElement\":[{\"@type\":\"ListItem\",\"position\":1,\"name\":\"Home\",\"item\":\"https:\\\/\\\/www.kinderfonds.be\\\/fr\\\/accueil\\\/\"},{\"@type\":\"ListItem\",\"position\":2,\"name\":\"Actualit\u00e9s\",\"item\":\"https:\\\/\\\/www.kinderfonds.be\\\/fr\\\/actualites\\\/\"},{\"@type\":\"ListItem\",\"position\":3,\"name\":\"\u00c9v\u00e9nements\"}]},{\"@type\":\"WebSite\",\"@id\":\"https:\\\/\\\/www.kinderfonds.be\\\/#website\",\"url\":\"https:\\\/\\\/www.kinderfonds.be\\\/\",\"name\":\"Ronald McDonald House Charities\",\"description\":\"Keeping families close\",\"publisher\":{\"@id\":\"https:\\\/\\\/www.kinderfonds.be\\\/#organization\"},\"potentialAction\":[{\"@type\":\"SearchAction\",\"target\":{\"@type\":\"EntryPoint\",\"urlTemplate\":\"https:\\\/\\\/www.kinderfonds.be\\\/?s={search_term_string}\"},\"query-input\":{\"@type\":\"PropertyValueSpecification\",\"valueRequired\":true,\"valueName\":\"search_term_string\"}}],\"inLanguage\":\"fr-FR\"},{\"@type\":\"Organization\",\"@id\":\"https:\\\/\\\/www.kinderfonds.be\\\/#organization\",\"name\":\"Ronald McDonald House Charities\",\"url\":\"https:\\\/\\\/www.kinderfonds.be\\\/\",\"logo\":{\"@type\":\"ImageObject\",\"inLanguage\":\"fr-FR\",\"@id\":\"https:\\\/\\\/www.kinderfonds.be\\\/#\\\/schema\\\/logo\\\/image\\\/\",\"url\":\"https:\\\/\\\/www.kinderfonds.be\\\/wp-content\\\/uploads\\\/cropped-01-Ronald-McDonald-House-Logo-Horizontal-scaled-1.png\",\"contentUrl\":\"https:\\\/\\\/www.kinderfonds.be\\\/wp-content\\\/uploads\\\/cropped-01-Ronald-McDonald-House-Logo-Horizontal-scaled-1.png\",\"width\":2558,\"height\":1403,\"caption\":\"Ronald McDonald House Charities\"},\"image\":{\"@id\":\"https:\\\/\\\/www.kinderfonds.be\\\/#\\\/schema\\\/logo\\\/image\\\/\"}}]}<\/script>\n<!-- \/ Yoast SEO plugin. -->","yoast_head_json":{"title":"\u00c9v\u00e9nements - Ronald McDonald House Charities","robots":{"index":"index","follow":"follow","max-snippet":"max-snippet:-1","max-image-preview":"max-image-preview:large","max-video-preview":"max-video-preview:-1"},"canonical":"https:\/\/www.kinderfonds.be\/fr\/actualites\/evenements\/","og_locale":"fr_FR","og_type":"article","og_title":"\u00c9v\u00e9nements - Ronald McDonald House Charities","og_description":"Prochains \u00e9v\u00e9nements Soins aux familles \u2013 Soir\u00e9e de remerciement Une soir\u00e9e inspirante consacr\u00e9e aux soins centr\u00e9s sur la famille et au lancement de la nouvelle identit\u00e9 visuelle. Soir\u00e9e de gala de collecte de fonds Une soir\u00e9e de collecte de fonds \u00e9l\u00e9gante qui contribue \u00e0 offrir un accompagnement chaleureux et une pr\u00e9sence r\u00e9confortante aux familles dont [&hellip;]","og_url":"https:\/\/www.kinderfonds.be\/fr\/actualites\/evenements\/","og_site_name":"Ronald McDonald House Charities","article_modified_time":"2026-04-03T12:29:39+00:00","og_image":[{"url":"https:\/\/www.kinderfonds.be\/wp-content\/uploads\/0E6A2219-2-2048x1365-1.jpg","type":"","width":"","height":""}],"twitter_card":"summary_large_image","twitter_misc":{"Dur\u00e9e de lecture estim\u00e9e":"1 minute"},"schema":{"@context":"https:\/\/schema.org","@graph":[{"@type":"WebPage","@id":"https:\/\/www.kinderfonds.be\/fr\/actualites\/evenements\/","url":"https:\/\/www.kinderfonds.be\/fr\/actualites\/evenements\/","name":"\u00c9v\u00e9nements - Ronald McDonald House Charities","isPartOf":{"@id":"https:\/\/www.kinderfonds.be\/#website"},"primaryImageOfPage":{"@id":"https:\/\/www.kinderfonds.be\/fr\/actualites\/evenements\/#primaryimage"},"image":{"@id":"https:\/\/www.kinderfonds.be\/fr\/actualites\/evenements\/#primaryimage"},"thumbnailUrl":"https:\/\/www.kinderfonds.be\/wp-content\/uploads\/0E6A2219-2-2048x1365-1.jpg","datePublished":"2025-08-13T09:16:22+00:00","dateModified":"2026-04-03T12:29:39+00:00","breadcrumb":{"@id":"https:\/\/www.kinderfonds.be\/fr\/actualites\/evenements\/#breadcrumb"},"inLanguage":"fr-FR","potentialAction":[{"@type":"ReadAction","target":["https:\/\/www.kinderfonds.be\/fr\/actualites\/evenements\/"]}]},{"@type":"ImageObject","inLanguage":"fr-FR","@id":"https:\/\/www.kinderfonds.be\/fr\/actualites\/evenements\/#primaryimage","url":"https:\/\/www.kinderfonds.be\/wp-content\/uploads\/0E6A2219-2-2048x1365-1.jpg","contentUrl":"https:\/\/www.kinderfonds.be\/wp-content\/uploads\/0E6A2219-2-2048x1365-1.jpg"},{"@type":"BreadcrumbList","@id":"https:\/\/www.kinderfonds.be\/fr\/actualites\/evenements\/#breadcrumb","itemListElement":[{"@type":"ListItem","position":1,"name":"Home","item":"https:\/\/www.kinderfonds.be\/fr\/accueil\/"},{"@type":"ListItem","position":2,"name":"Actualit\u00e9s","item":"https:\/\/www.kinderfonds.be\/fr\/actualites\/"},{"@type":"ListItem","position":3,"name":"\u00c9v\u00e9nements"}]},{"@type":"WebSite","@id":"https:\/\/www.kinderfonds.be\/#website","url":"https:\/\/www.kinderfonds.be\/","name":"Ronald McDonald House Charities","description":"Keeping families close","publisher":{"@id":"https:\/\/www.kinderfonds.be\/#organization"},"potentialAction":[{"@type":"SearchAction","target":{"@type":"EntryPoint","urlTemplate":"https:\/\/www.kinderfonds.be\/?s={search_term_string}"},"query-input":{"@type":"PropertyValueSpecification","valueRequired":true,"valueName":"search_term_string"}}],"inLanguage":"fr-FR"},{"@type":"Organization","@id":"https:\/\/www.kinderfonds.be\/#organization","name":"Ronald McDonald House Charities","url":"https:\/\/www.kinderfonds.be\/","logo":{"@type":"ImageObject","inLanguage":"fr-FR","@id":"https:\/\/www.kinderfonds.be\/#\/schema\/logo\/image\/","url":"https:\/\/www.kinderfonds.be\/wp-content\/uploads\/cropped-01-Ronald-McDonald-House-Logo-Horizontal-scaled-1.png","contentUrl":"https:\/\/www.kinderfonds.be\/wp-content\/uploads\/cropped-01-Ronald-McDonald-House-Logo-Horizontal-scaled-1.png","width":2558,"height":1403,"caption":"Ronald McDonald House Charities"},"image":{"@id":"https:\/\/www.kinderfonds.be\/#\/schema\/logo\/image\/"}}]}},"_links":{"self":[{"href":"https:\/\/www.kinderfonds.be\/fr\/wp-json\/wp\/v2\/pages\/6216","targetHints":{"allow":["GET"]}}],"collection":[{"href":"https:\/\/www.kinderfonds.be\/fr\/wp-json\/wp\/v2\/pages"}],"about":[{"href":"https:\/\/www.kinderfonds.be\/fr\/wp-json\/wp\/v2\/types\/page"}],"author":[{"embeddable":true,"href":"https:\/\/www.kinderfonds.be\/fr\/wp-json\/wp\/v2\/users\/10"}],"replies":[{"embeddable":true,"href":"https:\/\/www.kinderfonds.be\/fr\/wp-json\/wp\/v2\/comments?post=6216"}],"version-history":[{"count":8,"href":"https:\/\/www.kinderfonds.be\/fr\/wp-json\/wp\/v2\/pages\/6216\/revisions"}],"predecessor-version":[{"id":7021,"href":"https:\/\/www.kinderfonds.be\/fr\/wp-json\/wp\/v2\/pages\/6216\/revisions\/7021"}],"up":[{"embeddable":true,"href":"https:\/\/www.kinderfonds.be\/fr\/wp-json\/wp\/v2\/pages\/6214"}],"wp:attachment":[{"href":"https:\/\/www.kinderfonds.be\/fr\/wp-json\/wp\/v2\/media?parent=6216"}],"curies":[{"name":"wp","href":"https:\/\/api.w.org\/{rel}","templated":true}]}}