{"id":6498,"date":"2026-03-30T10:22:48","date_gmt":"2026-03-30T08:22:48","guid":{"rendered":"https:\/\/www.kinderfonds.be\/nos-actions\/salon-zas\/"},"modified":"2026-04-02T16:56:14","modified_gmt":"2026-04-02T14:56:14","slug":"salon-zas","status":"publish","type":"page","link":"https:\/\/www.kinderfonds.be\/fr\/nos-actions\/salon-zas\/","title":{"rendered":"Salon ZAS"},"content":{"rendered":"\t\t<div data-elementor-type=\"wp-page\" data-elementor-id=\"6498\" class=\"elementor elementor-6498 elementor-6367\" data-elementor-post-type=\"page\">\n\t\t\t\t<div class=\"elementor-element elementor-element-706eb963 elementor-hidden-mobile e-con-full e-flex e-con e-parent\" data-id=\"706eb963\" data-element_type=\"container\" data-e-type=\"container\" data-settings=\"{&quot;background_background&quot;:&quot;classic&quot;}\">\n\t\t<div class=\"elementor-element elementor-element-dc1f8f9 e-con-full e-flex e-con e-child\" data-id=\"dc1f8f9\" data-element_type=\"container\" data-e-type=\"container\" data-settings=\"{&quot;background_background&quot;:&quot;classic&quot;}\">\n\t\t\t\t<div class=\"elementor-element elementor-element-7d503480 elementor-widget elementor-widget-heading\" data-id=\"7d503480\" data-element_type=\"widget\" data-e-type=\"widget\" data-widget_type=\"heading.default\">\n\t\t\t\t\t<h1 class=\"elementor-heading-title elementor-size-default\">\u00c0 propos du projet<\/h1>\t\t\t\t<\/div>\n\t\t\t\t<div class=\"elementor-element elementor-element-1dad23eb elementor-widget elementor-widget-text-editor\" data-id=\"1dad23eb\" data-element_type=\"widget\" data-e-type=\"widget\" data-widget_type=\"text-editor.default\">\n\t\t\t\t\t\t\t\t\t<p>La Fondation Ronald McDonald Belgique est ravie de collaborer avec l&rsquo;h\u00f4pital ZAS Ziekenhuis aan de Stroom pour cr\u00e9er et inaugurer un magnifique salon Ronald McDonald.<\/p>\t\t\t\t\t\t\t\t<\/div>\n\t\t\t\t<\/div>\n\t\t<div class=\"elementor-element elementor-element-68891967 e-con-full e-flex e-con e-child\" data-id=\"68891967\" data-element_type=\"container\" data-e-type=\"container\">\n\t\t\t\t<\/div>\n\t\t\t\t<\/div>\n\t\t<div class=\"elementor-element elementor-element-64409582 e-con-full elementor-hidden-desktop elementor-hidden-tablet e-flex e-con e-parent\" data-id=\"64409582\" data-element_type=\"container\" data-e-type=\"container\">\n\t\t<div class=\"elementor-element elementor-element-ee91ec4 e-con-full e-flex e-con e-child\" data-id=\"ee91ec4\" data-element_type=\"container\" data-e-type=\"container\" data-settings=\"{&quot;background_background&quot;:&quot;classic&quot;}\">\n\t\t\t\t<div class=\"elementor-element elementor-element-1289a762 elementor-widget elementor-widget-heading\" data-id=\"1289a762\" data-element_type=\"widget\" data-e-type=\"widget\" data-widget_type=\"heading.default\">\n\t\t\t\t\t<h2 class=\"elementor-heading-title elementor-size-default\">\u00c0 propos du projet<\/h2>\t\t\t\t<\/div>\n\t\t\t\t<div class=\"elementor-element elementor-element-be06c7d elementor-widget elementor-widget-text-editor\" data-id=\"be06c7d\" data-element_type=\"widget\" data-e-type=\"widget\" data-widget_type=\"text-editor.default\">\n\t\t\t\t\t\t\t\t\t<p>La Fondation Ronald McDonald Belgique est ravie de collaborer avec l&rsquo;h\u00f4pital ZAS Ziekenhuis aan de Stroom pour cr\u00e9er et inaugurer un magnifique salon Ronald McDonald.<\/p>\t\t\t\t\t\t\t\t<\/div>\n\t\t\t\t<\/div>\n\t\t<div class=\"elementor-element elementor-element-42e14858 e-flex e-con-boxed e-con e-child\" data-id=\"42e14858\" data-element_type=\"container\" data-e-type=\"container\">\n\t\t\t\t\t<div class=\"e-con-inner\">\n\t\t\t\t<div class=\"elementor-element elementor-element-19ca3795 elementor-widget elementor-widget-image\" data-id=\"19ca3795\" data-element_type=\"widget\" data-e-type=\"widget\" data-widget_type=\"image.default\">\n\t\t\t\t\t\t\t\t\t\t\t\t\t\t\t<img fetchpriority=\"high\" decoding=\"async\" width=\"2040\" height=\"1530\" src=\"https:\/\/www.kinderfonds.be\/wp-content\/uploads\/ZAS-1.jpg\" class=\"attachment-large size-large wp-image-6496\" alt=\"\" srcset=\"https:\/\/www.kinderfonds.be\/wp-content\/uploads\/ZAS-1.jpg 2040w, https:\/\/www.kinderfonds.be\/wp-content\/uploads\/ZAS-1-150x113.jpg 150w, https:\/\/www.kinderfonds.be\/wp-content\/uploads\/ZAS-1-768x576.jpg 768w, https:\/\/www.kinderfonds.be\/wp-content\/uploads\/ZAS-1-1536x1152.jpg 1536w\" sizes=\"(max-width: 2040px) 100vw, 2040px\" \/>\t\t\t\t\t\t\t\t\t\t\t\t\t\t\t<\/div>\n\t\t\t\t\t<\/div>\n\t\t\t\t<\/div>\n\t\t\t\t<\/div>\n\t\t<div class=\"elementor-element elementor-element-53b3371a e-con-full e-flex e-con e-parent\" data-id=\"53b3371a\" data-element_type=\"container\" data-e-type=\"container\" id=\"content\">\n\t\t<div class=\"elementor-element elementor-element-3fdf91a5 e-con-full e-flex e-con e-child\" data-id=\"3fdf91a5\" data-element_type=\"container\" data-e-type=\"container\">\n\t\t\t\t<div class=\"elementor-element elementor-element-68a736a1 elementor-widget elementor-widget-heading\" data-id=\"68a736a1\" data-element_type=\"widget\" data-e-type=\"widget\" data-widget_type=\"heading.default\">\n\t\t\t\t\t<h1 class=\"elementor-heading-title elementor-size-default\">Construire la proximit\u00e9<\/h1>\t\t\t\t<\/div>\n\t\t\t\t<div class=\"elementor-element elementor-element-406a5ee0 elementor-widget elementor-widget-text-editor\" data-id=\"406a5ee0\" data-element_type=\"widget\" data-e-type=\"widget\" data-widget_type=\"text-editor.default\">\n\t\t\t\t\t\t\t\t\t<p data-start=\"173\" data-end=\"282\"><strong data-start=\"173\" data-end=\"282\">\u00c0 Anvers aussi, nous continuons \u00e0 \u0153uvrer pour notre mission : permettre aux enfants hospitalis\u00e9s de rester proches de leur famille.<\/strong><\/p>\t\t\t\t\t\t\t\t<\/div>\n\t\t\t\t<\/div>\n\t\t<div class=\"elementor-element elementor-element-66ad33f9 e-con-full e-flex e-con e-child\" data-id=\"66ad33f9\" data-element_type=\"container\" data-e-type=\"container\">\n\t\t\t\t<\/div>\n\t\t\t\t<\/div>\n\t\t<div class=\"elementor-element elementor-element-beec57f e-flex e-con-boxed e-con e-parent\" data-id=\"beec57f\" data-element_type=\"container\" data-e-type=\"container\">\n\t\t\t\t\t<div class=\"e-con-inner\">\n\t\t\t\t<div class=\"elementor-element elementor-element-8e78aaa elementor-widget elementor-widget-text-editor\" data-id=\"8e78aaa\" data-element_type=\"widget\" data-e-type=\"widget\" data-widget_type=\"text-editor.default\">\n\t\t\t\t\t\t\t\t\t<p>RMH Belgique g\u00e8re actuellement une Maison Ronald McDonald sur le campus de l&rsquo;UZ Brussel \u00e0 Jette ainsi que<br>deux Maisons de vacances Ronald McDonald (\u00e0 Vielsalm et \u00e0 De Haan).<\/p><p>Le nouveau <strong>salon Ronald McDonald au ZAS<\/strong> offrira davantage de confort et de soutien aux familles des patients hospitalis\u00e9s au service de soins intensifs n\u00e9onatals (NICU). Ces familles viennent non seulement de la grande r\u00e9gion d&rsquo;Anvers, mais aussi de tout le pays, car le NICU du ZAS sera le centre d&rsquo;expertise par excellence pour les pr\u00e9matur\u00e9s n\u00e9cessitant des soins intensifs. La cr\u00e9ation d\u2019un salon au ZAS \u00e9largira consid\u00e9rablement la port\u00e9e et l\u2019impact de notre mission aupr\u00e8s des familles dont les b\u00e9b\u00e9s ont besoin de soins intensifs et qui ont du mal \u00e0 s\u2019\u00e9loigner du lit de leur enfant, m\u00eame pour un court instant, ou qui souhaitent ou doivent rester sur le campus hospitalier afin de participer activement aux soins prodigu\u00e9s \u00e0 leur enfant, dans le cadre d\u2019une approche centr\u00e9e sur la famille.  <\/p><p>Le salon Ronald McDonald, situ\u00e9 au 1er \u00e9tage, fait partie int\u00e9grante de la nouvelle aile du <strong>campus Augustinus de la ZAS<\/strong>. Cet espace d&rsquo;environ 250 m\u00b2 est am\u00e9nag\u00e9 et d\u00e9cor\u00e9 pour offrir un lieu chaleureux et accueillant o\u00f9 les parents peuvent manger, faire une pause, se reposer, boire un caf\u00e9 ou simplement passer du temps avec d&rsquo;autres membres de leur famille, en dehors de la chambre d&rsquo;h\u00f4pital. <\/p><p>Le nouveau service de soins intensifs n\u00e9onatals, qui comprend le salon Ronald McDonald au ZAS, ouvrira ses portes au <strong>troisi\u00e8me trimestre 2027<\/strong>.<\/p>\t\t\t\t\t\t\t\t<\/div>\n\t\t\t\t\t<\/div>\n\t\t\t\t<\/div>\n\t\t<div class=\"elementor-element elementor-element-1e11efa e-flex e-con-boxed e-con e-parent\" data-id=\"1e11efa\" data-element_type=\"container\" data-e-type=\"container\">\n\t\t\t\t\t<div class=\"e-con-inner\">\n\t\t\t\t<div class=\"elementor-element elementor-element-cdbe0c3 elementor-widget elementor-widget-image\" data-id=\"cdbe0c3\" data-element_type=\"widget\" data-e-type=\"widget\" data-widget_type=\"image.default\">\n\t\t\t\t\t\t\t\t\t\t\t\t\t\t\t<img decoding=\"async\" width=\"2040\" height=\"1530\" src=\"https:\/\/www.kinderfonds.be\/wp-content\/uploads\/ZAS-2.jpg\" class=\"attachment-large size-large wp-image-6497\" alt=\"\" srcset=\"https:\/\/www.kinderfonds.be\/wp-content\/uploads\/ZAS-2.jpg 2040w, https:\/\/www.kinderfonds.be\/wp-content\/uploads\/ZAS-2-150x113.jpg 150w, https:\/\/www.kinderfonds.be\/wp-content\/uploads\/ZAS-2-768x576.jpg 768w, https:\/\/www.kinderfonds.be\/wp-content\/uploads\/ZAS-2-1536x1152.jpg 1536w\" sizes=\"(max-width: 2040px) 100vw, 2040px\" \/>\t\t\t\t\t\t\t\t\t\t\t\t\t\t\t<\/div>\n\t\t\t\t\t<\/div>\n\t\t\t\t<\/div>\n\t\t\t\t<\/div>\n\t\t","protected":false},"excerpt":{"rendered":"<p>\u00c0 propos du projet La Fondation Ronald McDonald Belgique est ravie de collaborer avec l&rsquo;h\u00f4pital ZAS Ziekenhuis aan de Stroom pour cr\u00e9er et inaugurer un magnifique salon Ronald McDonald. \u00c0 propos du projet La Fondation Ronald McDonald Belgique est ravie de collaborer avec l&rsquo;h\u00f4pital ZAS Ziekenhuis aan de Stroom pour cr\u00e9er et inaugurer un magnifique [&hellip;]<\/p>\n","protected":false},"author":13,"featured_media":0,"parent":6232,"menu_order":3,"comment_status":"closed","ping_status":"closed","template":"","meta":{"footnotes":""},"class_list":["post-6498","page","type-page","status-publish","hentry"],"yoast_head":"<!-- This site is optimized with the Yoast SEO plugin v27.5 - https:\/\/yoast.com\/product\/yoast-seo-wordpress\/ -->\n<title>Salon ZAS - Ronald McDonald House Charities<\/title>\n<meta name=\"robots\" content=\"index, follow, max-snippet:-1, max-image-preview:large, max-video-preview:-1\" \/>\n<link rel=\"canonical\" href=\"https:\/\/www.kinderfonds.be\/fr\/nos-actions\/salon-zas\/\" \/>\n<meta property=\"og:locale\" content=\"fr_FR\" \/>\n<meta property=\"og:type\" content=\"article\" \/>\n<meta property=\"og:title\" content=\"Salon ZAS - Ronald McDonald House Charities\" \/>\n<meta property=\"og:description\" content=\"\u00c0 propos du projet La Fondation Ronald McDonald Belgique est ravie de collaborer avec l&rsquo;h\u00f4pital ZAS Ziekenhuis aan de Stroom pour cr\u00e9er et inaugurer un magnifique salon Ronald McDonald. \u00c0 propos du projet La Fondation Ronald McDonald Belgique est ravie de collaborer avec l&rsquo;h\u00f4pital ZAS Ziekenhuis aan de Stroom pour cr\u00e9er et inaugurer un magnifique [&hellip;]\" \/>\n<meta property=\"og:url\" content=\"https:\/\/www.kinderfonds.be\/fr\/nos-actions\/salon-zas\/\" \/>\n<meta property=\"og:site_name\" content=\"Ronald McDonald House Charities\" \/>\n<meta property=\"article:modified_time\" content=\"2026-04-02T14:56:14+00:00\" \/>\n<meta property=\"og:image\" content=\"https:\/\/www.kinderfonds.be\/wp-content\/uploads\/ZAS-1.jpg\" \/>\n<meta name=\"twitter:card\" content=\"summary_large_image\" \/>\n<meta name=\"twitter:label1\" content=\"Dur\u00e9e de lecture estim\u00e9e\" \/>\n\t<meta name=\"twitter:data1\" content=\"2 minutes\" \/>\n<script type=\"application\/ld+json\" class=\"yoast-schema-graph\">{\"@context\":\"https:\\\/\\\/schema.org\",\"@graph\":[{\"@type\":\"WebPage\",\"@id\":\"https:\\\/\\\/www.kinderfonds.be\\\/fr\\\/nos-actions\\\/salon-zas\\\/\",\"url\":\"https:\\\/\\\/www.kinderfonds.be\\\/fr\\\/nos-actions\\\/salon-zas\\\/\",\"name\":\"Salon ZAS - Ronald McDonald House Charities\",\"isPartOf\":{\"@id\":\"https:\\\/\\\/www.kinderfonds.be\\\/#website\"},\"primaryImageOfPage\":{\"@id\":\"https:\\\/\\\/www.kinderfonds.be\\\/fr\\\/nos-actions\\\/salon-zas\\\/#primaryimage\"},\"image\":{\"@id\":\"https:\\\/\\\/www.kinderfonds.be\\\/fr\\\/nos-actions\\\/salon-zas\\\/#primaryimage\"},\"thumbnailUrl\":\"https:\\\/\\\/www.kinderfonds.be\\\/wp-content\\\/uploads\\\/ZAS-1.jpg\",\"datePublished\":\"2026-03-30T08:22:48+00:00\",\"dateModified\":\"2026-04-02T14:56:14+00:00\",\"breadcrumb\":{\"@id\":\"https:\\\/\\\/www.kinderfonds.be\\\/fr\\\/nos-actions\\\/salon-zas\\\/#breadcrumb\"},\"inLanguage\":\"fr-FR\",\"potentialAction\":[{\"@type\":\"ReadAction\",\"target\":[\"https:\\\/\\\/www.kinderfonds.be\\\/fr\\\/nos-actions\\\/salon-zas\\\/\"]}]},{\"@type\":\"ImageObject\",\"inLanguage\":\"fr-FR\",\"@id\":\"https:\\\/\\\/www.kinderfonds.be\\\/fr\\\/nos-actions\\\/salon-zas\\\/#primaryimage\",\"url\":\"https:\\\/\\\/www.kinderfonds.be\\\/wp-content\\\/uploads\\\/ZAS-1.jpg\",\"contentUrl\":\"https:\\\/\\\/www.kinderfonds.be\\\/wp-content\\\/uploads\\\/ZAS-1.jpg\"},{\"@type\":\"BreadcrumbList\",\"@id\":\"https:\\\/\\\/www.kinderfonds.be\\\/fr\\\/nos-actions\\\/salon-zas\\\/#breadcrumb\",\"itemListElement\":[{\"@type\":\"ListItem\",\"position\":1,\"name\":\"Home\",\"item\":\"https:\\\/\\\/www.kinderfonds.be\\\/fr\\\/accueil\\\/\"},{\"@type\":\"ListItem\",\"position\":2,\"name\":\"Nos actions\",\"item\":\"https:\\\/\\\/www.kinderfonds.be\\\/fr\\\/nos-actions\\\/\"},{\"@type\":\"ListItem\",\"position\":3,\"name\":\"Salon ZAS\"}]},{\"@type\":\"WebSite\",\"@id\":\"https:\\\/\\\/www.kinderfonds.be\\\/#website\",\"url\":\"https:\\\/\\\/www.kinderfonds.be\\\/\",\"name\":\"Ronald McDonald House Charities\",\"description\":\"Keeping families close\",\"publisher\":{\"@id\":\"https:\\\/\\\/www.kinderfonds.be\\\/#organization\"},\"potentialAction\":[{\"@type\":\"SearchAction\",\"target\":{\"@type\":\"EntryPoint\",\"urlTemplate\":\"https:\\\/\\\/www.kinderfonds.be\\\/?s={search_term_string}\"},\"query-input\":{\"@type\":\"PropertyValueSpecification\",\"valueRequired\":true,\"valueName\":\"search_term_string\"}}],\"inLanguage\":\"fr-FR\"},{\"@type\":\"Organization\",\"@id\":\"https:\\\/\\\/www.kinderfonds.be\\\/#organization\",\"name\":\"Ronald McDonald House Charities\",\"url\":\"https:\\\/\\\/www.kinderfonds.be\\\/\",\"logo\":{\"@type\":\"ImageObject\",\"inLanguage\":\"fr-FR\",\"@id\":\"https:\\\/\\\/www.kinderfonds.be\\\/#\\\/schema\\\/logo\\\/image\\\/\",\"url\":\"https:\\\/\\\/www.kinderfonds.be\\\/wp-content\\\/uploads\\\/cropped-01-Ronald-McDonald-House-Logo-Horizontal-scaled-1.png\",\"contentUrl\":\"https:\\\/\\\/www.kinderfonds.be\\\/wp-content\\\/uploads\\\/cropped-01-Ronald-McDonald-House-Logo-Horizontal-scaled-1.png\",\"width\":2558,\"height\":1403,\"caption\":\"Ronald McDonald House Charities\"},\"image\":{\"@id\":\"https:\\\/\\\/www.kinderfonds.be\\\/#\\\/schema\\\/logo\\\/image\\\/\"}}]}<\/script>\n<!-- \/ Yoast SEO plugin. -->","yoast_head_json":{"title":"Salon ZAS - Ronald McDonald House Charities","robots":{"index":"index","follow":"follow","max-snippet":"max-snippet:-1","max-image-preview":"max-image-preview:large","max-video-preview":"max-video-preview:-1"},"canonical":"https:\/\/www.kinderfonds.be\/fr\/nos-actions\/salon-zas\/","og_locale":"fr_FR","og_type":"article","og_title":"Salon ZAS - Ronald McDonald House Charities","og_description":"\u00c0 propos du projet La Fondation Ronald McDonald Belgique est ravie de collaborer avec l&rsquo;h\u00f4pital ZAS Ziekenhuis aan de Stroom pour cr\u00e9er et inaugurer un magnifique salon Ronald McDonald. \u00c0 propos du projet La Fondation Ronald McDonald Belgique est ravie de collaborer avec l&rsquo;h\u00f4pital ZAS Ziekenhuis aan de Stroom pour cr\u00e9er et inaugurer un magnifique [&hellip;]","og_url":"https:\/\/www.kinderfonds.be\/fr\/nos-actions\/salon-zas\/","og_site_name":"Ronald McDonald House Charities","article_modified_time":"2026-04-02T14:56:14+00:00","og_image":[{"url":"https:\/\/www.kinderfonds.be\/wp-content\/uploads\/ZAS-1.jpg","type":"","width":"","height":""}],"twitter_card":"summary_large_image","twitter_misc":{"Dur\u00e9e de lecture estim\u00e9e":"2 minutes"},"schema":{"@context":"https:\/\/schema.org","@graph":[{"@type":"WebPage","@id":"https:\/\/www.kinderfonds.be\/fr\/nos-actions\/salon-zas\/","url":"https:\/\/www.kinderfonds.be\/fr\/nos-actions\/salon-zas\/","name":"Salon ZAS - Ronald McDonald House Charities","isPartOf":{"@id":"https:\/\/www.kinderfonds.be\/#website"},"primaryImageOfPage":{"@id":"https:\/\/www.kinderfonds.be\/fr\/nos-actions\/salon-zas\/#primaryimage"},"image":{"@id":"https:\/\/www.kinderfonds.be\/fr\/nos-actions\/salon-zas\/#primaryimage"},"thumbnailUrl":"https:\/\/www.kinderfonds.be\/wp-content\/uploads\/ZAS-1.jpg","datePublished":"2026-03-30T08:22:48+00:00","dateModified":"2026-04-02T14:56:14+00:00","breadcrumb":{"@id":"https:\/\/www.kinderfonds.be\/fr\/nos-actions\/salon-zas\/#breadcrumb"},"inLanguage":"fr-FR","potentialAction":[{"@type":"ReadAction","target":["https:\/\/www.kinderfonds.be\/fr\/nos-actions\/salon-zas\/"]}]},{"@type":"ImageObject","inLanguage":"fr-FR","@id":"https:\/\/www.kinderfonds.be\/fr\/nos-actions\/salon-zas\/#primaryimage","url":"https:\/\/www.kinderfonds.be\/wp-content\/uploads\/ZAS-1.jpg","contentUrl":"https:\/\/www.kinderfonds.be\/wp-content\/uploads\/ZAS-1.jpg"},{"@type":"BreadcrumbList","@id":"https:\/\/www.kinderfonds.be\/fr\/nos-actions\/salon-zas\/#breadcrumb","itemListElement":[{"@type":"ListItem","position":1,"name":"Home","item":"https:\/\/www.kinderfonds.be\/fr\/accueil\/"},{"@type":"ListItem","position":2,"name":"Nos actions","item":"https:\/\/www.kinderfonds.be\/fr\/nos-actions\/"},{"@type":"ListItem","position":3,"name":"Salon ZAS"}]},{"@type":"WebSite","@id":"https:\/\/www.kinderfonds.be\/#website","url":"https:\/\/www.kinderfonds.be\/","name":"Ronald McDonald House Charities","description":"Keeping families close","publisher":{"@id":"https:\/\/www.kinderfonds.be\/#organization"},"potentialAction":[{"@type":"SearchAction","target":{"@type":"EntryPoint","urlTemplate":"https:\/\/www.kinderfonds.be\/?s={search_term_string}"},"query-input":{"@type":"PropertyValueSpecification","valueRequired":true,"valueName":"search_term_string"}}],"inLanguage":"fr-FR"},{"@type":"Organization","@id":"https:\/\/www.kinderfonds.be\/#organization","name":"Ronald McDonald House Charities","url":"https:\/\/www.kinderfonds.be\/","logo":{"@type":"ImageObject","inLanguage":"fr-FR","@id":"https:\/\/www.kinderfonds.be\/#\/schema\/logo\/image\/","url":"https:\/\/www.kinderfonds.be\/wp-content\/uploads\/cropped-01-Ronald-McDonald-House-Logo-Horizontal-scaled-1.png","contentUrl":"https:\/\/www.kinderfonds.be\/wp-content\/uploads\/cropped-01-Ronald-McDonald-House-Logo-Horizontal-scaled-1.png","width":2558,"height":1403,"caption":"Ronald McDonald House Charities"},"image":{"@id":"https:\/\/www.kinderfonds.be\/#\/schema\/logo\/image\/"}}]}},"_links":{"self":[{"href":"https:\/\/www.kinderfonds.be\/fr\/wp-json\/wp\/v2\/pages\/6498","targetHints":{"allow":["GET"]}}],"collection":[{"href":"https:\/\/www.kinderfonds.be\/fr\/wp-json\/wp\/v2\/pages"}],"about":[{"href":"https:\/\/www.kinderfonds.be\/fr\/wp-json\/wp\/v2\/types\/page"}],"author":[{"embeddable":true,"href":"https:\/\/www.kinderfonds.be\/fr\/wp-json\/wp\/v2\/users\/13"}],"replies":[{"embeddable":true,"href":"https:\/\/www.kinderfonds.be\/fr\/wp-json\/wp\/v2\/comments?post=6498"}],"version-history":[{"count":6,"href":"https:\/\/www.kinderfonds.be\/fr\/wp-json\/wp\/v2\/pages\/6498\/revisions"}],"predecessor-version":[{"id":6913,"href":"https:\/\/www.kinderfonds.be\/fr\/wp-json\/wp\/v2\/pages\/6498\/revisions\/6913"}],"up":[{"embeddable":true,"href":"https:\/\/www.kinderfonds.be\/fr\/wp-json\/wp\/v2\/pages\/6232"}],"wp:attachment":[{"href":"https:\/\/www.kinderfonds.be\/fr\/wp-json\/wp\/v2\/media?parent=6498"}],"curies":[{"name":"wp","href":"https:\/\/api.w.org\/{rel}","templated":true}]}}